{"id":608,"date":"2025-06-24T17:17:30","date_gmt":"2025-06-24T15:17:30","guid":{"rendered":"https:\/\/acqua-alta.be\/?page_id=608"},"modified":"2025-07-02T13:54:58","modified_gmt":"2025-07-02T11:54:58","slug":"le-monde-du-premier-jour","status":"publish","type":"page","link":"https:\/\/acqua-alta.be\/?page_id=608","title":{"rendered":"Le monde du premier jour"},"content":{"rendered":"\t\t<div data-elementor-type=\"wp-page\" data-elementor-id=\"608\" class=\"elementor elementor-608\" data-elementor-post-type=\"page\">\n\t\t\t\t\t\t<section class=\"elementor-section elementor-top-section elementor-element elementor-element-57f8da8 elementor-section-boxed elementor-section-height-default elementor-section-height-default\" data-id=\"57f8da8\" data-element_type=\"section\" data-settings=\"{&quot;background_background&quot;:&quot;classic&quot;}\">\n\t\t\t\t\t\t\t<div class=\"elementor-background-overlay\"><\/div>\n\t\t\t\t\t\t\t<div class=\"elementor-container elementor-column-gap-no\">\n\t\t\t\t\t<div class=\"elementor-column elementor-col-100 elementor-top-column elementor-element elementor-element-28e74fdf\" data-id=\"28e74fdf\" data-element_type=\"column\">\n\t\t\t<div class=\"elementor-widget-wrap elementor-element-populated\">\n\t\t\t\t\t\t<section class=\"elementor-section elementor-inner-section elementor-element elementor-element-2087a18c elementor-section-full_width elementor-section-height-default elementor-section-height-default\" data-id=\"2087a18c\" data-element_type=\"section\">\n\t\t\t\t\t\t<div class=\"elementor-container elementor-column-gap-wider\">\n\t\t\t\t\t<div class=\"elementor-column elementor-col-50 elementor-inner-column elementor-element elementor-element-2fbdb260\" data-id=\"2fbdb260\" data-element_type=\"column\">\n\t\t\t<div class=\"elementor-widget-wrap elementor-element-populated\">\n\t\t\t\t\t\t<div class=\"elementor-element elementor-element-2482c500 animated-slow elementor-invisible elementor-widget elementor-widget-heading\" data-id=\"2482c500\" data-element_type=\"widget\" data-settings=\"{&quot;_animation&quot;:&quot;fadeInLeft&quot;}\" data-widget_type=\"heading.default\">\n\t\t\t\t<div class=\"elementor-widget-container\">\n\t\t\t\t\t<h1 class=\"elementor-heading-title elementor-size-large\">Le monde du premier jour<\/h1>\t\t\t\t<\/div>\n\t\t\t\t<\/div>\n\t\t\t\t<div class=\"elementor-element elementor-element-20afa071 animated-slow elementor-invisible elementor-widget elementor-widget-text-editor\" data-id=\"20afa071\" data-element_type=\"widget\" data-settings=\"{&quot;_animation&quot;:&quot;fadeInUp&quot;}\" data-widget_type=\"text-editor.default\">\n\t\t\t\t<div class=\"elementor-widget-container\">\n\t\t\t\t\t\t\t\t\t<p align=\"JUSTIFY\"><i>Le Monde du premier jour<\/i> est un montage des extraits de trois livres, <i>Journal en miettes<\/i> (1967), <i>Pr\u00e9sent pass\u00e9 pass\u00e9 pr\u00e9sent<\/i> (1968) et <i>Ruptures de silence<\/i> (1995) dans lesquels les th\u00e8mes se correspondent. Notre projet est de r\u00e9v\u00e9ler sa pens\u00e9e intime m\u00e9connue, loin de ses pi\u00e8ces c\u00e9l\u00e8bres, comme un voyage \u00e0 travers sa vie int\u00e9rieure et son \u00e9criture. Son regard sur le monde et son rapport \u00e0 la soci\u00e9t\u00e9 nous ont tout de suite interpell\u00e9s pour leur dimension universelle.<\/p><p align=\"JUSTIFY\">Il y est question d\u2019un homme en pleine interrogation sur le sens de l\u2019existence et sur un monde dans lequel il ne se reconna\u00eet plus. Cet homme devenu adulte trop t\u00f4t, prend subitement conscience de la vieillesse et s\u2019obstine \u00e0 revivre son pass\u00e9, ses souvenirs d\u2019une enfance lumineuse.<\/p><p align=\"JUSTIFY\">Eug\u00e8ne Ionesco se d\u00e9voile non plus comme un grand \u00e9crivain de th\u00e9\u00e2tre, mais comme un homme fragile, en prise avec son \u00e2ge et soumis au passage du temps.<\/p><p align=\"JUSTIFY\">Ce projet sera un voyage \u00e0 travers sa vie int\u00e9rieure et son \u00e9criture.<\/p><p align=\"JUSTIFY\">Notre projet est de r\u00e9v\u00e9ler sa pens\u00e9e intime m\u00e9connue, loin de ses pi\u00e8ces c\u00e9l\u00e8bres. Son regard sur le monde et son rapport \u00e0 la soci\u00e9t\u00e9 nous ont tout de suite interpell\u00e9s pour leur dimension universelle.<\/p>\t\t\t\t\t\t\t\t<\/div>\n\t\t\t\t<\/div>\n\t\t\t\t<div class=\"elementor-element elementor-element-030efb5 elementor-widget elementor-widget-video\" data-id=\"030efb5\" data-element_type=\"widget\" data-settings=\"{&quot;youtube_url&quot;:&quot;https:\\\/\\\/www.youtube.com\\\/watch?v=L1D1cmPMZjk&quot;,&quot;video_type&quot;:&quot;youtube&quot;,&quot;controls&quot;:&quot;yes&quot;}\" data-widget_type=\"video.default\">\n\t\t\t\t<div class=\"elementor-widget-container\">\n\t\t\t\t\t\t\t<div class=\"elementor-wrapper elementor-open-inline\">\n\t\t\t<div class=\"elementor-video\"><\/div>\t\t<\/div>\n\t\t\t\t\t\t<\/div>\n\t\t\t\t<\/div>\n\t\t\t\t<div class=\"elementor-element elementor-element-48f0328 elementor-widget elementor-widget-video\" data-id=\"48f0328\" data-element_type=\"widget\" data-settings=\"{&quot;youtube_url&quot;:&quot;https:\\\/\\\/www.youtube.com\\\/watch?v=1GMS-tybFww&quot;,&quot;video_type&quot;:&quot;youtube&quot;,&quot;controls&quot;:&quot;yes&quot;}\" data-widget_type=\"video.default\">\n\t\t\t\t<div class=\"elementor-widget-container\">\n\t\t\t\t\t\t\t<div class=\"elementor-wrapper elementor-open-inline\">\n\t\t\t<div class=\"elementor-video\"><\/div>\t\t<\/div>\n\t\t\t\t\t\t<\/div>\n\t\t\t\t<\/div>\n\t\t\t\t<div class=\"elementor-element elementor-element-a6e2f72 elementor-widget-divider--view-line elementor-widget elementor-widget-divider\" data-id=\"a6e2f72\" data-element_type=\"widget\" data-widget_type=\"divider.default\">\n\t\t\t\t<div class=\"elementor-widget-container\">\n\t\t\t\t\t\t\t<div class=\"elementor-divider\">\n\t\t\t<span class=\"elementor-divider-separator\">\n\t\t\t\t\t\t<\/span>\n\t\t<\/div>\n\t\t\t\t\t\t<\/div>\n\t\t\t\t<\/div>\n\t\t\t\t<div class=\"elementor-element elementor-element-3e9d4e89 animated-slow elementor-invisible elementor-widget elementor-widget-text-editor\" data-id=\"3e9d4e89\" data-element_type=\"widget\" data-settings=\"{&quot;_animation&quot;:&quot;fadeInUp&quot;}\" data-widget_type=\"text-editor.default\">\n\t\t\t\t<div class=\"elementor-widget-container\">\n\t\t\t\t\t\t\t\t\t<p align=\"JUSTIFY\">D&rsquo;apr\u00e8s <strong>Eug\u00e8ne Ionesco \/ <\/strong>Mise en sc\u00e8ne\u00a0: <strong>Pietro Pizzuti \/ <\/strong>Com\u00e9diens : <strong>Christophe Jaccard<\/strong> et <strong>Victor Lefevre \/ <\/strong>Danseurs.euses\u00a0: <strong>Noah Geistlich<\/strong> et <strong>Ilaria Orlandini \/ <\/strong>Sc\u00e9nographie et costumes\u00a0: <strong>L\u00e9a Vanhonnaeker \/ <\/strong>Cr\u00e9ation lumi\u00e8re et r\u00e9gie\u00a0: <strong>Lucien Elskens<\/strong> et <strong>Jos\u00e9 M. \/ <\/strong>Graphisme\u00a0: <strong>Bartolomeo La Punzina<\/strong><\/p><p align=\"JUSTIFY\">Avec le soutien du <strong>Th\u00e9\u00e2tre des Riches-Claires<\/strong> et de <strong>la Communaut\u00e9 Fran\u00e7aise<\/strong><\/p>\t\t\t\t\t\t\t\t<\/div>\n\t\t\t\t<\/div>\n\t\t\t\t\t<\/div>\n\t\t<\/div>\n\t\t\t\t<div class=\"elementor-column elementor-col-50 elementor-inner-column elementor-element elementor-element-60213414 elementor-invisible\" data-id=\"60213414\" data-element_type=\"column\" data-settings=\"{&quot;background_background&quot;:&quot;classic&quot;,&quot;animation&quot;:&quot;fadeInRight&quot;}\">\n\t\t\t<div class=\"elementor-widget-wrap elementor-element-populated\">\n\t\t\t\t\t\t<div class=\"elementor-element elementor-element-54a1c867 animated-slow elementor-invisible elementor-widget elementor-widget-image\" data-id=\"54a1c867\" data-element_type=\"widget\" data-settings=\"{&quot;_animation&quot;:&quot;fadeInRight&quot;}\" data-widget_type=\"image.default\">\n\t\t\t\t<div class=\"elementor-widget-container\">\n\t\t\t\t\t\t\t\t\t\t\t\t<figure class=\"wp-caption\">\n\t\t\t\t\t\t\t\t\t\t<img fetchpriority=\"high\" decoding=\"async\" width=\"730\" height=\"1024\" src=\"https:\/\/acqua-alta.be\/wp-content\/uploads\/2025\/05\/Affiche-Le-Monde-du-premier-jour-min-scaled-1-730x1024.jpg\" class=\"attachment-large size-large wp-image-151\" alt=\"\" srcset=\"https:\/\/acqua-alta.be\/wp-content\/uploads\/2025\/05\/Affiche-Le-Monde-du-premier-jour-min-scaled-1-730x1024.jpg 730w, https:\/\/acqua-alta.be\/wp-content\/uploads\/2025\/05\/Affiche-Le-Monde-du-premier-jour-min-scaled-1-214x300.jpg 214w, https:\/\/acqua-alta.be\/wp-content\/uploads\/2025\/05\/Affiche-Le-Monde-du-premier-jour-min-scaled-1-768x1078.jpg 768w, https:\/\/acqua-alta.be\/wp-content\/uploads\/2025\/05\/Affiche-Le-Monde-du-premier-jour-min-scaled-1-1094x1536.jpg 1094w, https:\/\/acqua-alta.be\/wp-content\/uploads\/2025\/05\/Affiche-Le-Monde-du-premier-jour-min-scaled-1-1459x2048.jpg 1459w, https:\/\/acqua-alta.be\/wp-content\/uploads\/2025\/05\/Affiche-Le-Monde-du-premier-jour-min-scaled-1.jpg 1824w\" sizes=\"(max-width: 730px) 100vw, 730px\" \/>\t\t\t\t\t\t\t\t\t\t\t<figcaption class=\"widget-image-caption wp-caption-text\"><\/figcaption>\n\t\t\t\t\t\t\t\t\t\t<\/figure>\n\t\t\t\t\t\t\t\t\t<\/div>\n\t\t\t\t<\/div>\n\t\t\t\t\t<\/div>\n\t\t<\/div>\n\t\t\t\t\t<\/div>\n\t\t<\/section>\n\t\t\t\t\t<\/div>\n\t\t<\/div>\n\t\t\t\t\t<\/div>\n\t\t<\/section>\n\t\t\t\t<section class=\"elementor-section elementor-top-section elementor-element elementor-element-5be4789c elementor-section-boxed elementor-section-height-default elementor-section-height-default\" data-id=\"5be4789c\" data-element_type=\"section\" data-settings=\"{&quot;background_background&quot;:&quot;classic&quot;}\">\n\t\t\t\t\t\t\t<div class=\"elementor-background-overlay\"><\/div>\n\t\t\t\t\t\t\t<div class=\"elementor-container elementor-column-gap-default\">\n\t\t\t\t\t<div class=\"elementor-column elementor-col-100 elementor-top-column elementor-element elementor-element-3efc3ec3\" data-id=\"3efc3ec3\" data-element_type=\"column\">\n\t\t\t<div class=\"elementor-widget-wrap\">\n\t\t\t\t\t\t\t<\/div>\n\t\t<\/div>\n\t\t\t\t\t<\/div>\n\t\t<\/section>\n\t\t\t\t<section class=\"elementor-section elementor-top-section elementor-element elementor-element-5f7b8b56 elementor-section-full_width elementor-section-content-middle elementor-section-stretched elementor-section-height-default elementor-section-height-default\" data-id=\"5f7b8b56\" data-element_type=\"section\" data-settings=\"{&quot;background_background&quot;:&quot;classic&quot;,&quot;stretch_section&quot;:&quot;section-stretched&quot;}\">\n\t\t\t\t\t\t<div class=\"elementor-container elementor-column-gap-default\">\n\t\t\t\t\t<div class=\"elementor-column elementor-col-100 elementor-top-column elementor-element elementor-element-4bf3d8b9\" data-id=\"4bf3d8b9\" data-element_type=\"column\">\n\t\t\t<div class=\"elementor-widget-wrap elementor-element-populated\">\n\t\t\t\t\t\t<div class=\"elementor-element elementor-element-1af686ce elementor-shape-rounded elementor-grid-0 e-grid-align-center elementor-invisible elementor-widget elementor-widget-social-icons\" data-id=\"1af686ce\" data-element_type=\"widget\" data-settings=\"{&quot;_animation&quot;:&quot;fadeInDown&quot;}\" data-widget_type=\"social-icons.default\">\n\t\t\t\t<div class=\"elementor-widget-container\">\n\t\t\t\t\t\t\t<div class=\"elementor-social-icons-wrapper elementor-grid\" role=\"list\">\n\t\t\t\t\t\t\t<span class=\"elementor-grid-item\" role=\"listitem\">\n\t\t\t\t\t<a class=\"elementor-icon elementor-social-icon elementor-social-icon-instagram elementor-repeater-item-89f8a12\" href=\"https:\/\/www.instagram.com\/compagnie_acqua_alta_asbl\/?next=%2Fmaison_bejart_huis%2F&#038;hl=fr\" target=\"_blank\">\n\t\t\t\t\t\t<span class=\"elementor-screen-only\">Instagram<\/span>\n\t\t\t\t\t\t<svg class=\"e-font-icon-svg e-fab-instagram\" viewBox=\"0 0 448 512\" xmlns=\"http:\/\/www.w3.org\/2000\/svg\"><path d=\"M224.1 141c-63.6 0-114.9 51.3-114.9 114.9s51.3 114.9 114.9 114.9S339 319.5 339 255.9 287.7 141 224.1 141zm0 189.6c-41.1 0-74.7-33.5-74.7-74.7s33.5-74.7 74.7-74.7 74.7 33.5 74.7 74.7-33.6 74.7-74.7 74.7zm146.4-194.3c0 14.9-12 26.8-26.8 26.8-14.9 0-26.8-12-26.8-26.8s12-26.8 26.8-26.8 26.8 12 26.8 26.8zm76.1 27.2c-1.7-35.9-9.9-67.7-36.2-93.9-26.2-26.2-58-34.4-93.9-36.2-37-2.1-147.9-2.1-184.9 0-35.8 1.7-67.6 9.9-93.9 36.1s-34.4 58-36.2 93.9c-2.1 37-2.1 147.9 0 184.9 1.7 35.9 9.9 67.7 36.2 93.9s58 34.4 93.9 36.2c37 2.1 147.9 2.1 184.9 0 35.9-1.7 67.7-9.9 93.9-36.2 26.2-26.2 34.4-58 36.2-93.9 2.1-37 2.1-147.8 0-184.8zM398.8 388c-7.8 19.6-22.9 34.7-42.6 42.6-29.5 11.7-99.5 9-132.1 9s-102.7 2.6-132.1-9c-19.6-7.8-34.7-22.9-42.6-42.6-11.7-29.5-9-99.5-9-132.1s-2.6-102.7 9-132.1c7.8-19.6 22.9-34.7 42.6-42.6 29.5-11.7 99.5-9 132.1-9s102.7-2.6 132.1 9c19.6 7.8 34.7 22.9 42.6 42.6 11.7 29.5 9 99.5 9 132.1s2.7 102.7-9 132.1z\"><\/path><\/svg>\t\t\t\t\t<\/a>\n\t\t\t\t<\/span>\n\t\t\t\t\t\t\t<span class=\"elementor-grid-item\" role=\"listitem\">\n\t\t\t\t\t<a class=\"elementor-icon elementor-social-icon elementor-social-icon-youtube elementor-repeater-item-3d0811d\" href=\"https:\/\/www.youtube.com\/@compagnieacquaalta4991\" target=\"_blank\">\n\t\t\t\t\t\t<span class=\"elementor-screen-only\">Youtube<\/span>\n\t\t\t\t\t\t<svg class=\"e-font-icon-svg e-fab-youtube\" viewBox=\"0 0 576 512\" xmlns=\"http:\/\/www.w3.org\/2000\/svg\"><path d=\"M549.655 124.083c-6.281-23.65-24.787-42.276-48.284-48.597C458.781 64 288 64 288 64S117.22 64 74.629 75.486c-23.497 6.322-42.003 24.947-48.284 48.597-11.412 42.867-11.412 132.305-11.412 132.305s0 89.438 11.412 132.305c6.281 23.65 24.787 41.5 48.284 47.821C117.22 448 288 448 288 448s170.78 0 213.371-11.486c23.497-6.321 42.003-24.171 48.284-47.821 11.412-42.867 11.412-132.305 11.412-132.305s0-89.438-11.412-132.305zm-317.51 213.508V175.185l142.739 81.205-142.739 81.201z\"><\/path><\/svg>\t\t\t\t\t<\/a>\n\t\t\t\t<\/span>\n\t\t\t\t\t\t\t<span class=\"elementor-grid-item\" role=\"listitem\">\n\t\t\t\t\t<a class=\"elementor-icon elementor-social-icon elementor-social-icon-facebook elementor-repeater-item-d09e3ea\" href=\"https:\/\/www.facebook.com\/profile.php?id=100080473389166\" target=\"_blank\">\n\t\t\t\t\t\t<span class=\"elementor-screen-only\">Facebook<\/span>\n\t\t\t\t\t\t<svg class=\"e-font-icon-svg e-fab-facebook\" viewBox=\"0 0 512 512\" xmlns=\"http:\/\/www.w3.org\/2000\/svg\"><path d=\"M504 256C504 119 393 8 256 8S8 119 8 256c0 123.78 90.69 226.38 209.25 245V327.69h-63V256h63v-54.64c0-62.15 37-96.48 93.67-96.48 27.14 0 55.52 4.84 55.52 4.84v61h-31.28c-30.8 0-40.41 19.12-40.41 38.73V256h68.78l-11 71.69h-57.78V501C413.31 482.38 504 379.78 504 256z\"><\/path><\/svg>\t\t\t\t\t<\/a>\n\t\t\t\t<\/span>\n\t\t\t\t\t<\/div>\n\t\t\t\t\t\t<\/div>\n\t\t\t\t<\/div>\n\t\t\t\t<div class=\"elementor-element elementor-element-fe112dd elementor-widget elementor-widget-image\" data-id=\"fe112dd\" data-element_type=\"widget\" data-widget_type=\"image.default\">\n\t\t\t\t<div class=\"elementor-widget-container\">\n\t\t\t\t\t\t\t\t\t\t\t\t\t\t\t\t<a href=\"https:\/\/www.teaming.net\/cieacquaalta?fbclid=IwY2xjawLRxHVleHRuA2FlbQIxMQBicmlkETB1N21NVXBYUm9yMDIwd0pOAR6M1MA7ZnS8Osp-qVX4Uy6iqunJ8MN_k9nfAnSwFI7K1ZTH5fC0U6Wc1QCqUA_aem_ICr--SOOVFrMs81ZMsNBXA\">\n\t\t\t\t\t\t\t<img decoding=\"async\" width=\"137\" height=\"150\" src=\"https:\/\/acqua-alta.be\/wp-content\/uploads\/2025\/07\/teaming.png\" class=\"attachment-large size-large wp-image-939\" alt=\"\" \/>\t\t\t\t\t\t\t\t<\/a>\n\t\t\t\t\t\t\t\t\t\t\t\t\t\t\t<\/div>\n\t\t\t\t<\/div>\n\t\t\t\t<div class=\"elementor-element elementor-element-688672ba elementor-widget elementor-widget-heading\" data-id=\"688672ba\" data-element_type=\"widget\" data-widget_type=\"heading.default\">\n\t\t\t\t<div class=\"elementor-widget-container\">\n\t\t\t\t\t<h6 class=\"elementor-heading-title elementor-size-default\">Copyright jean-fran\u00e7ois Hocq \/ 2025<\/h6>\t\t\t\t<\/div>\n\t\t\t\t<\/div>\n\t\t\t\t\t<\/div>\n\t\t<\/div>\n\t\t\t\t\t<\/div>\n\t\t<\/section>\n\t\t\t\t<section class=\"elementor-section elementor-top-section elementor-element elementor-element-7bf12db1 elementor-section-boxed elementor-section-height-default elementor-section-height-default\" data-id=\"7bf12db1\" data-element_type=\"section\">\n\t\t\t\t\t\t<div class=\"elementor-container elementor-column-gap-default\">\n\t\t\t\t\t<div class=\"elementor-column elementor-col-100 elementor-top-column elementor-element elementor-element-420e15c9\" data-id=\"420e15c9\" data-element_type=\"column\">\n\t\t\t<div class=\"elementor-widget-wrap\">\n\t\t\t\t\t\t\t<\/div>\n\t\t<\/div>\n\t\t\t\t\t<\/div>\n\t\t<\/section>\n\t\t\t\t<\/div>\n\t\t","protected":false},"excerpt":{"rendered":"<p>Le monde du premier jour Le Monde du premier jour est un montage des extraits de trois livres, Journal en [&hellip;]<\/p>\n","protected":false},"author":2,"featured_media":0,"parent":0,"menu_order":0,"comment_status":"closed","ping_status":"closed","template":"elementor_header_footer","meta":{"site-sidebar-layout":"no-sidebar","site-content-layout":"","ast-site-content-layout":"full-width-container","site-content-style":"default","site-sidebar-style":"default","ast-global-header-display":"","ast-banner-title-visibility":"","ast-main-header-display":"","ast-hfb-above-header-display":"","ast-hfb-below-header-display":"","ast-hfb-mobile-header-display":"","site-post-title":"disabled","ast-breadcrumbs-content":"","ast-featured-img":"disabled","footer-sml-layout":"","theme-transparent-header-meta":"","adv-header-id-meta":"","stick-header-meta":"","header-above-stick-meta":"","header-main-stick-meta":"","header-below-stick-meta":"","astra-migrate-meta-layouts":"default","ast-page-background-enabled":"default","ast-page-background-meta":{"desktop":{"background-color":"var(--ast-global-color-5)","background-image":"","background-repeat":"repeat","background-position":"center center","background-size":"auto","background-attachment":"scroll","background-type":"","background-media":"","overlay-type":"","overlay-color":"","overlay-opacity":"","overlay-gradient":""},"tablet":{"background-color":"","background-image":"","background-repeat":"repeat","background-position":"center center","background-size":"auto","background-attachment":"scroll","background-type":"","background-media":"","overlay-type":"","overlay-color":"","overlay-opacity":"","overlay-gradient":""},"mobile":{"background-color":"","background-image":"","background-repeat":"repeat","background-position":"center center","background-size":"auto","background-attachment":"scroll","background-type":"","background-media":"","overlay-type":"","overlay-color":"","overlay-opacity":"","overlay-gradient":""}},"ast-content-background-meta":{"desktop":{"background-color":"var(--ast-global-color-4)","background-image":"","background-repeat":"repeat","background-position":"center center","background-size":"auto","background-attachment":"scroll","background-type":"","background-media":"","overlay-type":"","overlay-color":"","overlay-opacity":"","overlay-gradient":""},"tablet":{"background-color":"var(--ast-global-color-4)","background-image":"","background-repeat":"repeat","background-position":"center center","background-size":"auto","background-attachment":"scroll","background-type":"","background-media":"","overlay-type":"","overlay-color":"","overlay-opacity":"","overlay-gradient":""},"mobile":{"background-color":"var(--ast-global-color-4)","background-image":"","background-repeat":"repeat","background-position":"center center","background-size":"auto","background-attachment":"scroll","background-type":"","background-media":"","overlay-type":"","overlay-color":"","overlay-opacity":"","overlay-gradient":""}},"footnotes":""},"class_list":["post-608","page","type-page","status-publish","hentry"],"_links":{"self":[{"href":"https:\/\/acqua-alta.be\/index.php?rest_route=\/wp\/v2\/pages\/608","targetHints":{"allow":["GET"]}}],"collection":[{"href":"https:\/\/acqua-alta.be\/index.php?rest_route=\/wp\/v2\/pages"}],"about":[{"href":"https:\/\/acqua-alta.be\/index.php?rest_route=\/wp\/v2\/types\/page"}],"author":[{"embeddable":true,"href":"https:\/\/acqua-alta.be\/index.php?rest_route=\/wp\/v2\/users\/2"}],"replies":[{"embeddable":true,"href":"https:\/\/acqua-alta.be\/index.php?rest_route=%2Fwp%2Fv2%2Fcomments&post=608"}],"version-history":[{"count":30,"href":"https:\/\/acqua-alta.be\/index.php?rest_route=\/wp\/v2\/pages\/608\/revisions"}],"predecessor-version":[{"id":961,"href":"https:\/\/acqua-alta.be\/index.php?rest_route=\/wp\/v2\/pages\/608\/revisions\/961"}],"wp:attachment":[{"href":"https:\/\/acqua-alta.be\/index.php?rest_route=%2Fwp%2Fv2%2Fmedia&parent=608"}],"curies":[{"name":"wp","href":"https:\/\/api.w.org\/{rel}","templated":true}]}}